{"id":831,"date":"2024-06-21T14:29:23","date_gmt":"2024-06-21T12:29:23","guid":{"rendered":"https:\/\/matthiasdaehling.com\/?post_type=mec-events&#038;p=831"},"modified":"2024-06-21T14:29:23","modified_gmt":"2024-06-21T12:29:23","slug":"c-monteverdi-lorfeo-konzertante-auffuehrung","status":"publish","type":"mec-events","link":"https:\/\/matthiasdaehling.com\/en\/events\/c-monteverdi-lorfeo-konzertante-auffuehrung\/","title":{"rendered":"C. Monteverdi: L\u2018Orfeo (konzertante Auff\u00fchrung)"},"content":{"rendered":"<p><strong>Claudio Monteverdi: L\u2019Orfeo<\/strong><br \/>\nFavola in Musica \u2013 konzertante Auff\u00fchrung im Rahmen des Festivals\u00a0<em>ZEITSPR\u00dcNGE\u00a0<\/em><\/p>\n<p>\u201eDie Urauff\u00fchrung von Claudio Monteverdis \u201eL\u2019Orfeo\u201c im Palast des Herzogs von Mantua gilt als Geburtsstunde der Oper und war ein musikgeschichtliches Ereignis, das weit \u00fcber Italien hinausstrahlte. Der zeitlose Mythos des Orpheus geh\u00f6rt zu den bekanntesten Erz\u00e4hlungen unserer Kulturgeschichte: Er handelt von der Hybris des Menschen, die unsere moderne Zeit entscheidend pr\u00e4gt, aber auch von leidenschaftlichen Emotionen und der Suche nach einer sinnvollen Zukunft. Wie eben entstanden, unmittelbar und zeitgen\u00f6ssisch wirkt Monteverdis Vertonung des Stoffs aus dem Jahr 1607 \u2013 ein Werk wie geschaffen also f\u00fcr die Interpretation durch die lautten compagney BERLIN und ein kr\u00f6nender Abschluss f\u00fcr das Festival ZEITSPR\u00dcNGE. In Vorbereitung auf eine szenische Produktion mit dem Theater Winterthur bringt die lautten compagney Monteverdis Meisterwerk in Berlin in konzertanter Fassung zur Auff\u00fchrung. In der Titelpartie ist der tschechische Bariton Tom\u00e1\u0161 Kr\u00e1l zu h\u00f6ren, der mittlerweile zu den renommiertesten S\u00e4ngern seines Fachs geh\u00f6rt.\u201c<\/p>\n<p>&nbsp;<\/p>\n<p>Tomas Kral\u00a0\u2013 Bariton \/ Orfeo<br \/>\nFrieda Barck\u00a0\u2013 Sopran \/ Euridice, La Musica<br \/>\nJohanna Ihrig\u00a0\u2013 Sopran \/ Ninfa, Eco<br \/>\nColine Dutilleul\u00a0\u2013 Mezzosopran \/ Messaggiera, Proserpina<br \/>\nMatthias D\u00e4hling\u00a0\u2013 Altus \/ Speranza, Pastore<br \/>\nChristian Pohlers\u00a0&#8211; Tenor \/ Pastore, Spirito<br \/>\nArmin Horn\u00a0&#8211; Tenor \/ Pastore, Spirito<br \/>\nCornelius Uhle\u00a0\u2013 Bariton \/ Plutone, Apollo<br \/>\nJoel Frederiksen\u00a0\u2013 Bass \/ Caronte<\/p>","protected":false},"excerpt":{"rendered":"<p>Claudio Monteverdi: L\u2019Orfeo Favola in Musica \u2013 konzertante Auff\u00fchrung im Rahmen des Festivals\u00a0ZEITSPR\u00dcNGE\u00a0 \u201eDie Urauff\u00fchrung von Claudio Monteverdis \u201eL\u2019Orfeo\u201c im Palast des Herzogs von Mantua gilt als Geburtsstunde der Oper und war ein musikgeschichtliches Ereignis, das weit \u00fcber Italien hinausstrahlte. Der zeitlose Mythos des Orpheus geh\u00f6rt zu den bekanntesten Erz\u00e4hlungen unserer Kulturgeschichte: Er handelt von &hellip; <\/p>\n<p class=\"link-more\"><a href=\"https:\/\/matthiasdaehling.com\/en\/events\/c-monteverdi-lorfeo-konzertante-auffuehrung\/\" class=\"more-link\">Read more<span class=\"screen-reader-text\"> &#8222;C. Monteverdi: L\u2018Orfeo (konzertante Auff\u00fchrung)&#8220;<\/span><\/a><\/p>","protected":false},"author":1,"featured_media":0,"comment_status":"open","ping_status":"closed","template":"","tags":[],"mec_category":[],"class_list":["post-831","mec-events","type-mec-events","status-publish","hentry"],"_links":{"self":[{"href":"https:\/\/matthiasdaehling.com\/en\/wp-json\/wp\/v2\/mec-events\/831","targetHints":{"allow":["GET"]}}],"collection":[{"href":"https:\/\/matthiasdaehling.com\/en\/wp-json\/wp\/v2\/mec-events"}],"about":[{"href":"https:\/\/matthiasdaehling.com\/en\/wp-json\/wp\/v2\/types\/mec-events"}],"author":[{"embeddable":true,"href":"https:\/\/matthiasdaehling.com\/en\/wp-json\/wp\/v2\/users\/1"}],"replies":[{"embeddable":true,"href":"https:\/\/matthiasdaehling.com\/en\/wp-json\/wp\/v2\/comments?post=831"}],"wp:attachment":[{"href":"https:\/\/matthiasdaehling.com\/en\/wp-json\/wp\/v2\/media?parent=831"}],"wp:term":[{"taxonomy":"post_tag","embeddable":true,"href":"https:\/\/matthiasdaehling.com\/en\/wp-json\/wp\/v2\/tags?post=831"},{"taxonomy":"mec_category","embeddable":true,"href":"https:\/\/matthiasdaehling.com\/en\/wp-json\/wp\/v2\/mec_category?post=831"}],"curies":[{"name":"wp","href":"https:\/\/api.w.org\/{rel}","templated":true}]}}